{"id":84,"date":"2022-07-07T15:07:59","date_gmt":"2022-07-07T15:07:59","guid":{"rendered":"https:\/\/www.lesportscorses.com\/macinaggio\/?page_id=84"},"modified":"2022-12-09T10:15:07","modified_gmt":"2022-12-09T10:15:07","slug":"contacts-utiles","status":"publish","type":"page","link":"https:\/\/www.lesportscorses.com\/macinaggio\/contacts-utiles\/","title":{"rendered":"Contacts utiles"},"content":{"rendered":"<p>[et_pb_section fb_built=&#8221;1&#8243; admin_label=&#8221;section&#8221; _builder_version=&#8221;4.17.4&#8243; _module_preset=&#8221;default&#8221; background_color=&#8221;RGBA(255,255,255,0)&#8221; background_image=&#8221;https:\/\/www.lesportscorses.com\/macinaggio\/wp-content\/uploads\/2022\/12\/PHOTO-MACINAGGIO-CONTACTS-scaled.jpg&#8221; min_height=&#8221;400px&#8221; max_height=&#8221;1000px&#8221; custom_margin=&#8221;100px||-1px||false|false&#8221; hover_enabled=&#8221;0&#8243; locked=&#8221;off&#8221; global_colors_info=&#8221;{}&#8221; alt=&#8221;Contacts utiles au port de macinaggio&#8221; title_text=&#8221;PHOTO MACINAGGIO CONTACTS&#8221; sticky_enabled=&#8221;0&#8243;][\/et_pb_section][et_pb_section fb_built=&#8221;1&#8243; _builder_version=&#8221;4.17.4&#8243; _module_preset=&#8221;default&#8221; global_colors_info=&#8221;{}&#8221;][et_pb_row _builder_version=&#8221;4.17.6&#8243; _module_preset=&#8221;default&#8221; global_colors_info=&#8221;{}&#8221;][et_pb_column type=&#8221;4_4&#8243; _builder_version=&#8221;4.17.6&#8243; _module_preset=&#8221;default&#8221; global_colors_info=&#8221;{}&#8221;][et_pb_text _builder_version=&#8221;4.17.4&#8243; _module_preset=&#8221;default&#8221; text_font=&#8221;Poppins|700|||||||&#8221; text_text_color=&#8221;#22ad9d&#8221; text_font_size=&#8221;41px&#8221; custom_margin=&#8221;||37px||false|false&#8221; text_font_size_tablet=&#8221;41px&#8221; text_font_size_phone=&#8221;30px&#8221; text_font_size_last_edited=&#8221;on|phone&#8221; global_colors_info=&#8221;{}&#8221;]<\/p>\n<p>CONTACTS UTILES<\/p>\n<p>[\/et_pb_text][et_pb_text _builder_version=&#8221;4.17.4&#8243; _module_preset=&#8221;default&#8221; text_font=&#8221;Poppins|300|||||||&#8221; text_text_color=&#8221;#464647&#8243; text_font_size=&#8221;18px&#8221; text_letter_spacing=&#8221;1px&#8221; text_line_height=&#8221;1em&#8221; text_orientation=&#8221;center&#8221; custom_margin=&#8221;10px||30px||false|false&#8221; animation_style=&#8221;slide&#8221; animation_direction=&#8221;left&#8221; animation_duration=&#8221;1150ms&#8221; animation_delay=&#8221;650ms&#8221; animation_intensity_slide=&#8221;33%&#8221; animation_starting_opacity=&#8221;5%&#8221; locked=&#8221;off&#8221; global_colors_info=&#8221;{}&#8221;]<\/p>\n<div class=\"et_pb_module et_pb_text et_pb_text_1 et_pb_text_align_center et_pb_bg_layout_light et_had_animation\">\n<div class=\"et_pb_text_inner\">\n<p style=\"text-align: left;\">Retrouvez tous les professionnels sur la zone portuaire<\/p>\n<\/div>\n<\/div>\n<p>[\/et_pb_text][et_pb_divider _builder_version=&#8221;4.17.6&#8243; _module_preset=&#8221;default&#8221; global_colors_info=&#8221;{}&#8221;][\/et_pb_divider][\/et_pb_column][\/et_pb_row][\/et_pb_section][et_pb_section fb_built=&#8221;1&#8243; _builder_version=&#8221;4.17.4&#8243; _module_preset=&#8221;default&#8221; custom_padding=&#8221;18px|||||&#8221; global_colors_info=&#8221;{}&#8221;][et_pb_row _builder_version=&#8221;4.17.4&#8243; _module_preset=&#8221;default&#8221; global_colors_info=&#8221;{}&#8221;][et_pb_column type=&#8221;4_4&#8243; _builder_version=&#8221;4.17.4&#8243; _module_preset=&#8221;default&#8221; global_colors_info=&#8221;{}&#8221;][et_pb_text _builder_version=&#8221;4.17.4&#8243; _module_preset=&#8221;default&#8221; text_font=&#8221;Poppins|700||on|||||&#8221; text_text_color=&#8221;#22AD9D&#8221; text_font_size=&#8221;29px&#8221; global_colors_info=&#8221;{}&#8221;]<\/p>\n<p style=\"text-align: center;\">Activit\u00e9s nautiques<\/p>\n<p>[\/et_pb_text][\/et_pb_column][\/et_pb_row][et_pb_row column_structure=&#8221;1_3,1_3,1_3&#8243; _builder_version=&#8221;4.17.4&#8243; _module_preset=&#8221;default&#8221; global_colors_info=&#8221;{}&#8221;][et_pb_column type=&#8221;1_3&#8243; _builder_version=&#8221;4.17.4&#8243; _module_preset=&#8221;default&#8221; global_colors_info=&#8221;{}&#8221;][et_pb_toggle title=&#8221;CENTRE NAUTIQUE (SCHIP SHANDLER)&#8221; _builder_version=&#8221;4.17.4&#8243; _module_preset=&#8221;30e171ed-4196-4370-8118-73e2be558861&#8243; global_colors_info=&#8221;{}&#8221;]<\/p>\n<p>\ud83d\udcde T\u00e9l\u00e9phone: 04 95 35 45 02<\/p>\n<p>[\/et_pb_toggle][et_pb_toggle title=&#8221;PORT \u00c0 SEC ( SAS i tre)&#8221; _builder_version=&#8221;4.17.4&#8243; _module_preset=&#8221;30e171ed-4196-4370-8118-73e2be558861&#8243; global_colors_info=&#8221;{}&#8221;]<\/p>\n<p>\ud83d\udcde T\u00e9l\u00e9phone: 06 81 97 07 94<\/p>\n<p>[\/et_pb_toggle][\/et_pb_column][et_pb_column type=&#8221;1_3&#8243; _builder_version=&#8221;4.17.4&#8243; _module_preset=&#8221;default&#8221; global_colors_info=&#8221;{}&#8221;][et_pb_toggle title=&#8221;CLUB NAUTIQUE DE MACINAGGIO&#8221; _builder_version=&#8221;4.17.4&#8243; _module_preset=&#8221;30e171ed-4196-4370-8118-73e2be558861&#8243; global_colors_info=&#8221;{}&#8221;]<\/p>\n<p>\ud83d\udcde T\u00e9l\u00e9phone: 06 86 72 58 40<\/p>\n<p>[\/et_pb_toggle][\/et_pb_column][et_pb_column type=&#8221;1_3&#8243; _builder_version=&#8221;4.17.4&#8243; _module_preset=&#8221;default&#8221; global_colors_info=&#8221;{}&#8221;][et_pb_toggle title=&#8221;CAPI CORSU DIVING&#8221; _builder_version=&#8221;4.17.4&#8243; _module_preset=&#8221;30e171ed-4196-4370-8118-73e2be558861&#8243; global_colors_info=&#8221;{}&#8221;]<\/p>\n<p>\ud83d\udcde T\u00e9l\u00e9phone: 06 85 75 17 06<\/p>\n<p>[\/et_pb_toggle][\/et_pb_column][\/et_pb_row][\/et_pb_section][et_pb_section fb_built=&#8221;1&#8243; _builder_version=&#8221;4.17.4&#8243; _module_preset=&#8221;default&#8221; bottom_divider_color=&#8221;#f4e913&#8243; global_colors_info=&#8221;{}&#8221;][et_pb_row _builder_version=&#8221;4.17.4&#8243; _module_preset=&#8221;default&#8221; global_colors_info=&#8221;{}&#8221;][et_pb_column type=&#8221;4_4&#8243; _builder_version=&#8221;4.17.4&#8243; _module_preset=&#8221;default&#8221; global_colors_info=&#8221;{}&#8221;][et_pb_text _builder_version=&#8221;4.17.4&#8243; _module_preset=&#8221;default&#8221; text_font=&#8221;Poppins|700||on|||||&#8221; text_text_color=&#8221;#22AD9D&#8221; text_font_size=&#8221;29px&#8221; global_colors_info=&#8221;{}&#8221;]<\/p>\n<p style=\"text-align: center;\">R\u00e9parateurs<\/p>\n<p>[\/et_pb_text][\/et_pb_column][\/et_pb_row][et_pb_row column_structure=&#8221;1_3,1_3,1_3&#8243; _builder_version=&#8221;4.17.4&#8243; _module_preset=&#8221;default&#8221; custom_margin=&#8221;||102px||false|false&#8221; custom_padding=&#8221;||0px||false|false&#8221; global_colors_info=&#8221;{}&#8221;][et_pb_column type=&#8221;1_3&#8243; _builder_version=&#8221;4.17.4&#8243; _module_preset=&#8221;default&#8221; global_colors_info=&#8221;{}&#8221;][et_pb_toggle title=&#8221;POLYELEC&#8221; _builder_version=&#8221;4.17.4&#8243; _module_preset=&#8221;30e171ed-4196-4370-8118-73e2be558861&#8243; global_colors_info=&#8221;{}&#8221;]<\/p>\n<p>Profession: R\u00c9PARATEUR<\/p>\n<p>\ud83d\udcde T\u00e9l\u00e9phone: 06 15 81 44 90<\/p>\n<p>[\/et_pb_toggle][\/et_pb_column][et_pb_column type=&#8221;1_3&#8243; _builder_version=&#8221;4.17.4&#8243; _module_preset=&#8221;default&#8221; global_colors_info=&#8221;{}&#8221;][et_pb_toggle title=&#8221;CAP AZUR MARINE&#8221; _builder_version=&#8221;4.17.4&#8243; _module_preset=&#8221;30e171ed-4196-4370-8118-73e2be558861&#8243; global_colors_info=&#8221;{}&#8221;]<\/p>\n<p>Profession: R\u00c9PARATEUR<\/p>\n<p>\ud83d\udcde T\u00e9l\u00e9phone: 04 95 35 00 67<\/p>\n<p>[\/et_pb_toggle][\/et_pb_column][et_pb_column type=&#8221;1_3&#8243; _builder_version=&#8221;4.17.4&#8243; _module_preset=&#8221;default&#8221; global_colors_info=&#8221;{}&#8221;][et_pb_toggle title=&#8221;CORSICA VOILES&#8221; _builder_version=&#8221;4.17.4&#8243; _module_preset=&#8221;30e171ed-4196-4370-8118-73e2be558861&#8243; global_colors_info=&#8221;{}&#8221;]<\/p>\n<p>Profession: R\u00c9PARATEUR<\/p>\n<p>\ud83d\udcde T\u00e9l\u00e9phone: 06 75 10 00 93<\/p>\n<p>[\/et_pb_toggle][\/et_pb_column][\/et_pb_row][\/et_pb_section][et_pb_section fb_built=&#8221;1&#8243; _builder_version=&#8221;4.17.4&#8243; _module_preset=&#8221;default&#8221; global_colors_info=&#8221;{}&#8221;][et_pb_row _builder_version=&#8221;4.17.4&#8243; _module_preset=&#8221;default&#8221; global_colors_info=&#8221;{}&#8221;][et_pb_column type=&#8221;4_4&#8243; _builder_version=&#8221;4.17.4&#8243; _module_preset=&#8221;default&#8221; global_colors_info=&#8221;{}&#8221;][et_pb_text _builder_version=&#8221;4.17.4&#8243; _module_preset=&#8221;default&#8221; text_font=&#8221;Poppins|700||on|||||&#8221; text_text_color=&#8221;#22AD9D&#8221; text_font_size=&#8221;29px&#8221; global_colors_info=&#8221;{}&#8221;]<\/p>\n<p style=\"text-align: center;\">sant\u00e9<\/p>\n<p>[\/et_pb_text][\/et_pb_column][\/et_pb_row][et_pb_row column_structure=&#8221;1_3,1_3,1_3&#8243; _builder_version=&#8221;4.17.4&#8243; _module_preset=&#8221;default&#8221; global_colors_info=&#8221;{}&#8221;][et_pb_column type=&#8221;1_3&#8243; _builder_version=&#8221;4.17.4&#8243; _module_preset=&#8221;default&#8221; global_colors_info=&#8221;{}&#8221;][et_pb_toggle title=&#8221;PHARMACIE DE LA GIRAGLIA&#8221; _builder_version=&#8221;4.17.4&#8243; _module_preset=&#8221;30e171ed-4196-4370-8118-73e2be558861&#8243; global_colors_info=&#8221;{}&#8221;]<\/p>\n<p>\ud83d\udcde T\u00e9l\u00e9phone: 04 95 35 42 33<\/p>\n<p>[\/et_pb_toggle][\/et_pb_column][et_pb_column type=&#8221;1_3&#8243; _builder_version=&#8221;4.17.4&#8243; _module_preset=&#8221;default&#8221; global_colors_info=&#8221;{}&#8221;][et_pb_toggle title=&#8221;MAISON DE SANTE (Espcapsant\u00e9)&#8221; _builder_version=&#8221;4.17.4&#8243; _module_preset=&#8221;30e171ed-4196-4370-8118-73e2be558861&#8243; global_colors_info=&#8221;{}&#8221;]<\/p>\n<p>\ud83d\udcde T\u00e9l\u00e9phone: 06 71 22 68 37<\/p>\n<p>[\/et_pb_toggle][\/et_pb_column][et_pb_column type=&#8221;1_3&#8243; _builder_version=&#8221;4.17.4&#8243; _module_preset=&#8221;default&#8221; global_colors_info=&#8221;{}&#8221;][\/et_pb_column][\/et_pb_row][\/et_pb_section][et_pb_section fb_built=&#8221;1&#8243; _builder_version=&#8221;4.17.4&#8243; _module_preset=&#8221;default&#8221; global_colors_info=&#8221;{}&#8221;][et_pb_row _builder_version=&#8221;4.17.4&#8243; _module_preset=&#8221;default&#8221; global_colors_info=&#8221;{}&#8221;][et_pb_column type=&#8221;4_4&#8243; _builder_version=&#8221;4.17.4&#8243; _module_preset=&#8221;default&#8221; global_colors_info=&#8221;{}&#8221;][et_pb_text _builder_version=&#8221;4.17.4&#8243; _module_preset=&#8221;default&#8221; text_font=&#8221;Poppins|700||on|||||&#8221; text_text_color=&#8221;#22AD9D&#8221; text_font_size=&#8221;29px&#8221; global_colors_info=&#8221;{}&#8221;]<\/p>\n<p style=\"text-align: center;\">TAXIS<\/p>\n<p>[\/et_pb_text][\/et_pb_column][\/et_pb_row][et_pb_row column_structure=&#8221;1_3,1_3,1_3&#8243; _builder_version=&#8221;4.17.4&#8243; _module_preset=&#8221;default&#8221; global_colors_info=&#8221;{}&#8221;][et_pb_column type=&#8221;1_3&#8243; _builder_version=&#8221;4.17.4&#8243; _module_preset=&#8221;default&#8221; global_colors_info=&#8221;{}&#8221;][et_pb_toggle title=&#8221;TAXI SCANIGLIA&#8221; _builder_version=&#8221;4.17.4&#8243; _module_preset=&#8221;30e171ed-4196-4370-8118-73e2be558861&#8243; global_colors_info=&#8221;{}&#8221;]<\/p>\n<p>Profession: TAXI<\/p>\n<p>&nbsp;<\/p>\n<p>\ud83d\udcde T\u00e9l\u00e9phone: 06 11 53 68 64<\/p>\n<p>[\/et_pb_toggle][\/et_pb_column][et_pb_column type=&#8221;1_3&#8243; _builder_version=&#8221;4.17.4&#8243; _module_preset=&#8221;default&#8221; global_colors_info=&#8221;{}&#8221;][et_pb_toggle title=&#8221;TAXI SALADINI&#8221; _builder_version=&#8221;4.17.4&#8243; _module_preset=&#8221;30e171ed-4196-4370-8118-73e2be558861&#8243; global_colors_info=&#8221;{}&#8221;]<\/p>\n<p>Profession: TAXI<\/p>\n<p>\ud83d\udcde T\u00e9l\u00e9phone: 06 20 73 52 09<\/p>\n<p>[\/et_pb_toggle][\/et_pb_column][et_pb_column type=&#8221;1_3&#8243; _builder_version=&#8221;4.17.4&#8243; _module_preset=&#8221;default&#8221; global_colors_info=&#8221;{}&#8221;][\/et_pb_column][\/et_pb_row][\/et_pb_section][et_pb_section fb_built=&#8221;1&#8243; _builder_version=&#8221;4.17.4&#8243; _module_preset=&#8221;default&#8221; global_colors_info=&#8221;{}&#8221;][et_pb_row _builder_version=&#8221;4.17.4&#8243; _module_preset=&#8221;default&#8221; global_colors_info=&#8221;{}&#8221;][et_pb_column type=&#8221;4_4&#8243; _builder_version=&#8221;4.17.4&#8243; _module_preset=&#8221;default&#8221; global_colors_info=&#8221;{}&#8221;][et_pb_text _builder_version=&#8221;4.17.4&#8243; _module_preset=&#8221;default&#8221; text_font=&#8221;Poppins|700||on|||||&#8221; text_text_color=&#8221;#22AD9D&#8221; text_font_size=&#8221;29px&#8221; global_colors_info=&#8221;{}&#8221;]<\/p>\n<p style=\"text-align: center;\">URGENCES<\/p>\n<p>[\/et_pb_text][\/et_pb_column][\/et_pb_row][et_pb_row column_structure=&#8221;1_3,1_3,1_3&#8243; _builder_version=&#8221;4.17.4&#8243; _module_preset=&#8221;default&#8221; global_colors_info=&#8221;{}&#8221;][et_pb_column type=&#8221;1_3&#8243; _builder_version=&#8221;4.17.4&#8243; _module_preset=&#8221;default&#8221; global_colors_info=&#8221;{}&#8221;][\/et_pb_column][et_pb_column type=&#8221;1_3&#8243; _builder_version=&#8221;4.17.4&#8243; _module_preset=&#8221;default&#8221; global_colors_info=&#8221;{}&#8221;][et_pb_toggle title=&#8221;SAUVETEURS EN MER&#8221; _builder_version=&#8221;4.17.4&#8243; _module_preset=&#8221;30e171ed-4196-4370-8118-73e2be558861&#8243; global_colors_info=&#8221;{}&#8221;]<\/p>\n<p>Station SNSM Macinaggio &#8211; Pasquale Paoli 082<\/p>\n<p>\ud83d\udcde T\u00e9l\u00e9phone: 196<\/p>\n<p>[\/et_pb_toggle][\/et_pb_column][et_pb_column type=&#8221;1_3&#8243; _builder_version=&#8221;4.17.4&#8243; _module_preset=&#8221;default&#8221; global_colors_info=&#8221;{}&#8221;][\/et_pb_column][\/et_pb_row][\/et_pb_section][et_pb_section fb_built=&#8221;1&#8243; _builder_version=&#8221;4.17.4&#8243; _module_preset=&#8221;default&#8221; global_colors_info=&#8221;{}&#8221;][et_pb_row _builder_version=&#8221;4.17.4&#8243; _module_preset=&#8221;default&#8221; global_colors_info=&#8221;{}&#8221;][et_pb_column type=&#8221;4_4&#8243; _builder_version=&#8221;4.17.4&#8243; _module_preset=&#8221;default&#8221; global_colors_info=&#8221;{}&#8221;][et_pb_text _builder_version=&#8221;4.17.4&#8243; _module_preset=&#8221;default&#8221; text_font=&#8221;Poppins|700||on|||||&#8221; text_text_color=&#8221;#22AD9D&#8221; text_font_size=&#8221;29px&#8221; global_colors_info=&#8221;{}&#8221;]<\/p>\n<p style=\"text-align: center;\">Loisirs<\/p>\n<p>[\/et_pb_text][\/et_pb_column][\/et_pb_row][et_pb_row column_structure=&#8221;1_3,1_3,1_3&#8243; _builder_version=&#8221;4.17.4&#8243; _module_preset=&#8221;default&#8221; global_colors_info=&#8221;{}&#8221;][et_pb_column type=&#8221;1_3&#8243; _builder_version=&#8221;4.17.4&#8243; _module_preset=&#8221;default&#8221; global_colors_info=&#8221;{}&#8221;][et_pb_toggle title=&#8221;Office de Tourisme intercommunal du Cap Corse&#8221; _builder_version=&#8221;4.17.4&#8243; _module_preset=&#8221;30e171ed-4196-4370-8118-73e2be558861&#8243; global_colors_info=&#8221;{}&#8221;]<\/p>\n<p>\ud83d\udcde T\u00e9l\u00e9phone: 04 95 35 40 34<\/p>\n<p>[\/et_pb_toggle][\/et_pb_column][et_pb_column type=&#8221;1_3&#8243; _builder_version=&#8221;4.17.4&#8243; _module_preset=&#8221;default&#8221; global_colors_info=&#8221;{}&#8221;][et_pb_toggle title=&#8221;San Paulu &#8211; Promenades en mer du Cap corse&#8221; _builder_version=&#8221;4.17.4&#8243; _module_preset=&#8221;30e171ed-4196-4370-8118-73e2be558861&#8243; global_colors_info=&#8221;{}&#8221;]<\/p>\n<p>\ud83d\udcde T\u00e9l\u00e9phone: 06 14 78 14 16<\/p>\n<p>[\/et_pb_toggle][\/et_pb_column][et_pb_column type=&#8221;1_3&#8243; _builder_version=&#8221;4.17.4&#8243; _module_preset=&#8221;default&#8221; global_colors_info=&#8221;{}&#8221;][\/et_pb_column][\/et_pb_row][\/et_pb_section][et_pb_section fb_built=&#8221;1&#8243; _builder_version=&#8221;4.17.4&#8243; _module_preset=&#8221;default&#8221; global_colors_info=&#8221;{}&#8221;][et_pb_row _builder_version=&#8221;4.17.4&#8243; _module_preset=&#8221;default&#8221; global_colors_info=&#8221;{}&#8221;][et_pb_column type=&#8221;4_4&#8243; _builder_version=&#8221;4.17.4&#8243; _module_preset=&#8221;default&#8221; global_colors_info=&#8221;{}&#8221;][et_pb_text _builder_version=&#8221;4.17.4&#8243; _module_preset=&#8221;default&#8221; text_font=&#8221;Poppins|700||on|||||&#8221; text_text_color=&#8221;#22AD9D&#8221; text_font_size=&#8221;29px&#8221; global_colors_info=&#8221;{}&#8221;]<\/p>\n<p style=\"text-align: center;\">laveries et autres<\/p>\n<p>[\/et_pb_text][\/et_pb_column][\/et_pb_row][et_pb_row column_structure=&#8221;1_3,1_3,1_3&#8243; _builder_version=&#8221;4.17.4&#8243; _module_preset=&#8221;default&#8221; global_colors_info=&#8221;{}&#8221;][et_pb_column type=&#8221;1_3&#8243; _builder_version=&#8221;4.17.4&#8243; _module_preset=&#8221;default&#8221; global_colors_info=&#8221;{}&#8221;][et_pb_toggle title=&#8221;Laverie automatique&#8221; _builder_version=&#8221;4.17.4&#8243; _module_preset=&#8221;30e171ed-4196-4370-8118-73e2be558861&#8243; global_colors_info=&#8221;{}&#8221;]<\/p>\n<p>\ud83d\udcde T\u00e9l\u00e9phone: 04 95 35 42 57<\/p>\n<p>[\/et_pb_toggle][\/et_pb_column][et_pb_column type=&#8221;1_3&#8243; _builder_version=&#8221;4.17.4&#8243; _module_preset=&#8221;default&#8221; global_colors_info=&#8221;{}&#8221;][et_pb_toggle title=&#8221;Station d&#8217;avitaillement Total&#8221; _builder_version=&#8221;4.17.4&#8243; _module_preset=&#8221;30e171ed-4196-4370-8118-73e2be558861&#8243; global_colors_info=&#8221;{}&#8221;]<\/p>\n<p>\ud83d\udcde T\u00e9l\u00e9phone: 06 80 71 24 36<\/p>\n<p>[\/et_pb_toggle][\/et_pb_column][et_pb_column type=&#8221;1_3&#8243; _builder_version=&#8221;4.17.4&#8243; _module_preset=&#8221;default&#8221; global_colors_info=&#8221;{}&#8221;][\/et_pb_column][\/et_pb_row][\/et_pb_section]<\/p>\n","protected":false},"excerpt":{"rendered":"<p>CONTACTS UTILES Retrouvez tous les professionnels sur la zone portuaire Activit\u00e9s nautiques\ud83d\udcde T\u00e9l\u00e9phone: 04 95 35 45 02\ud83d\udcde T\u00e9l\u00e9phone: 06 81 97 07 94\ud83d\udcde T\u00e9l\u00e9phone: 06 86 72 58 40\ud83d\udcde T\u00e9l\u00e9phone: 06 85 75 17 06R\u00e9parateursProfession: R\u00c9PARATEUR \ud83d\udcde T\u00e9l\u00e9phone: 06 15 81 44 90Profession: R\u00c9PARATEUR \ud83d\udcde T\u00e9l\u00e9phone: 04 95 35 00 67Profession: R\u00c9PARATEUR \ud83d\udcde T\u00e9l\u00e9phone: [&hellip;]<\/p>\n","protected":false},"author":4,"featured_media":0,"parent":0,"menu_order":0,"comment_status":"closed","ping_status":"closed","template":"","meta":{"_et_pb_use_builder":"on","_et_pb_old_content":"","_et_gb_content_width":"","footnotes":""},"class_list":["post-84","page","type-page","status-publish","hentry"],"_links":{"self":[{"href":"https:\/\/www.lesportscorses.com\/macinaggio\/wp-json\/wp\/v2\/pages\/84","targetHints":{"allow":["GET"]}}],"collection":[{"href":"https:\/\/www.lesportscorses.com\/macinaggio\/wp-json\/wp\/v2\/pages"}],"about":[{"href":"https:\/\/www.lesportscorses.com\/macinaggio\/wp-json\/wp\/v2\/types\/page"}],"author":[{"embeddable":true,"href":"https:\/\/www.lesportscorses.com\/macinaggio\/wp-json\/wp\/v2\/users\/4"}],"replies":[{"embeddable":true,"href":"https:\/\/www.lesportscorses.com\/macinaggio\/wp-json\/wp\/v2\/comments?post=84"}],"version-history":[{"count":0,"href":"https:\/\/www.lesportscorses.com\/macinaggio\/wp-json\/wp\/v2\/pages\/84\/revisions"}],"wp:attachment":[{"href":"https:\/\/www.lesportscorses.com\/macinaggio\/wp-json\/wp\/v2\/media?parent=84"}],"curies":[{"name":"wp","href":"https:\/\/api.w.org\/{rel}","templated":true}]}}